{"id":209,"date":"2013-07-29T13:05:46","date_gmt":"2013-07-29T12:05:46","guid":{"rendered":"http:\/\/www.fixpro.cz\/?page_id=209"},"modified":"2022-07-25T10:59:46","modified_gmt":"2022-07-25T09:59:46","slug":"verejne-dokumenty","status":"publish","type":"page","link":"https:\/\/fixpro.cz\/kontakty\/verejne-dokumenty\/","title":{"rendered":"Ve\u0159ejn\u00e9 dokumenty"},"content":{"rendered":"<h6><span style=\"color: #000000;\">Dokumenty FixPro,z.s.<\/span><\/h6>\n<ul>\n<li><span style=\"color: #000000;\"><a style=\"color: #000000;\" href=\"http:\/\/www.fixpro.cz\/wp-content\/uploads\/2018\/05\/GDPR_prohlaseni_FixPro.pdf\">GDPR prohl\u00e1\u0161en\u00ed<\/a><\/span><\/li>\n<\/ul>\n<h6>Smluvn\u00ed dokumentace FixPro, z.s. v&nbsp;aktu\u00e1ln\u00ed podob\u011b a&nbsp;povinn\u011b zve\u0159ej\u0148ovan\u00e9 informace naleznete na www str\u00e1nk\u00e1ch jednotliv\u00fdch \u010dlen\u016f FixPro.<\/h6>\n<h6><span style=\"color: #000000;\"><strong>Smluvn\u00ed dokumentace<\/strong> pro lokality Kabelov\u00e9 televize Kop\u0159ivnice, s.r.o.<br \/>\n<\/span><\/h6>\n<ul>\n<li><span style=\"color: #000000;\"><a style=\"color: #000000;\" href=\"https:\/\/ktk.cz\/dokumenty\">Cen\u00edk slu\u017eeb Kabelov\u00e9 televize Kop\u0159ivnice, s.r.o. a&nbsp;FixPro,z.s.<\/a><br \/>\n<\/span><\/li>\n<li><span style=\"color: #000000;\"><a style=\"color: #000000;\" href=\"https:\/\/ktk.cz\/dokumenty\">Smlouva o&nbsp;dod\u00e1vce Slu\u017eeb<\/a><\/span><\/li>\n<li><span style=\"color: #000000;\"><a style=\"color: #000000;\" href=\"https:\/\/ktk.cz\/dokumenty\">Specifikace TV slu\u017eby a&nbsp;rozhran\u00ed<\/a><\/span><\/li>\n<li><span style=\"color: #000000;\"><a style=\"color: #000000;\" href=\"https:\/\/ktk.cz\/dokumenty\">Obchodn\u011b technick\u00e9 podm\u00ednky pro poskytov\u00e1n\u00ed slu\u017eby FixProTV<\/a><\/span><\/li>\n<li><span style=\"color: #000000;\"><a style=\"color: #000000;\" href=\"https:\/\/ktk.cz\/dokumenty\">V\u0161eobecn\u00e9 podm\u00ednky pro poskytov\u00e1n\u00ed slu\u017eeb elektronick\u00fdch komunikac\u00ed<\/a><\/span><\/li>\n<\/ul>\n<h6><span style=\"color: #000000;\"><strong>Smluvn\u00ed dokumentace <\/strong>pro lokality NOEL, s.r.o.<\/span><\/h6>\n<ul>\n<li><span style=\"color: #000000;\"><a style=\"color: #000000;\" href=\"http:\/\/www.noel.cz\/o-nas\/verejne-dokumenty\">Cen\u00edk slu\u017eeb NOEL, s.r.o. a&nbsp;FixPro,z.s.<\/a><br \/>\n<\/span><\/li>\n<li><span style=\"color: #000000;\"><a style=\"color: #000000;\" href=\"http:\/\/www.noel.cz\/o-nas\/verejne-dokumenty\">Smlouva o&nbsp;dod\u00e1vce Slu\u017eeb<\/a><\/span><\/li>\n<li><span style=\"color: #000000;\"><a style=\"color: #000000;\" href=\"http:\/\/www.noel.cz\/o-nas\/verejne-dokumenty\">Specifikace TV slu\u017eby a&nbsp;rozhran\u00ed <\/a><\/span><\/li>\n<li><span style=\"color: #000000;\"><a style=\"color: #000000;\" href=\"http:\/\/www.noel.cz\/o-nas\/verejne-dokumenty\">Obchodn\u011b technick\u00e9 podm\u00ednky pro poskytov\u00e1n\u00ed slu\u017eby FixProTV<\/a><\/span><\/li>\n<li><span style=\"color: #000000;\"><a style=\"color: #000000;\" href=\"http:\/\/www.noel.cz\/o-nas\/verejne-dokumenty\">V\u0161eobecn\u00e9 podm\u00ednky pro poskytov\u00e1n\u00ed slu\u017eeb elektronick\u00fdch komunikac\u00ed<\/a><\/span><\/li>\n<\/ul>\n<h6><span style=\"color: #000000;\"><strong>Smluvn\u00ed dokumentace <\/strong>pro lokality TKR Ja\u0161ek, s.r.o.<\/span><\/h6>\n<ul>\n<li><span style=\"color: #000000;\"><a style=\"color: #000000;\" href=\"https:\/\/muj.valachnet.cz\/main.php?:doc=providerdocument\">Cen\u00edk slu\u017eeb TKR Ja\u0161ek, s.r.o. a&nbsp;FixPro, z.s.<\/a><\/span><\/li>\n<li><span style=\"color: #000000;\"><a style=\"color: #000000;\" href=\"https:\/\/muj.valachnet.cz\/main.php?:doc=providerdocument\">Smlouva o&nbsp;dod\u00e1vce Slu\u017eeb<\/a><\/span><\/li>\n<li><span style=\"color: #000000;\"><a style=\"color: #000000;\" href=\"https:\/\/muj.valachnet.cz\/main.php?:doc=providerdocument\">Specifikace TV slu\u017eby a&nbsp;rozhran\u00ed<\/a><\/span><\/li>\n<li><a href=\"https:\/\/muj.valachnet.cz\/main.php?:doc=providerdocument\"><span style=\"color: #000000;\">Obchodn\u011b technick\u00e9 podm\u00ednky pro poskytov\u00e1n\u00ed slu\u017eby FixProTV<\/span><\/a><\/li>\n<li><span style=\"color: #000000;\"><a style=\"color: #000000;\" href=\"https:\/\/muj.valachnet.cz\/main.php?:doc=providerdocument\">V\u0161eobecn\u00e9 podm\u00ednky pro poskytov\u00e1n\u00ed slu\u017eeb elektronick\u00fdch komunikac\u00ed<\/a><\/span><\/li>\n<\/ul>\n<h6><span style=\"color: #000000;\"><strong>Smluvn\u00ed dokumentace <\/strong>pro lokality CORSAT, s.r.o.<\/span><\/h6>\n<ul>\n<li><span style=\"color: #000000;\"><a style=\"color: #000000;\" href=\"http:\/\/www.corsat.cz\/menu\/kontaktni-a-dalsi-informace\/kontaktni-a-dalsi-informace\/\">Cen\u00edk slu\u017eeb CORSAT, s.r.o. a&nbsp;FixPro,z.s.<\/a><\/span><\/li>\n<li><span style=\"color: #000000;\"><a style=\"color: #000000;\" href=\"http:\/\/www.corsat.cz\/menu\/kontaktni-a-dalsi-informace\/kontaktni-a-dalsi-informace\/\">Smlouva o&nbsp;dod\u00e1vce Slu\u017eeb<\/a><\/span><\/li>\n<li><span style=\"color: #000000;\"><a style=\"color: #000000;\" href=\"http:\/\/www.corsat.cz\/menu\/kontaktni-a-dalsi-informace\/kontaktni-a-dalsi-informace\/\">Specifikace TV slu\u017eby a&nbsp;rozhran\u00ed<\/a><\/span><\/li>\n<li><a href=\"http:\/\/www.corsat.cz\/menu\/kontaktni-a-dalsi-informace\/kontaktni-a-dalsi-informace\/\"><span style=\"color: #000000;\">Obchodn\u011b technick\u00e9 podm\u00ednky pro poskytov\u00e1n\u00ed slu\u017eby FixProTV<\/span><\/a><\/li>\n<li><span style=\"color: #000000;\"><a style=\"color: #000000;\" href=\"http:\/\/www.corsat.cz\/menu\/kontaktni-a-dalsi-informace\/kontaktni-a-dalsi-informace\/\">V\u0161eobecn\u00e9 podm\u00ednky pro poskytov\u00e1n\u00ed slu\u017eeb elektronick\u00fdch komunikac\u00ed<\/a><\/span><span style=\"color: #999999;\"><br \/>\n<\/span><\/li>\n<\/ul>\n","protected":false},"excerpt":{"rendered":"<p>Dokumenty FixPro,z.s. GDPR prohl\u00e1\u0161en\u00ed Smluvn\u00ed dokumentace FixPro, z.s. v&nbsp;aktu\u00e1ln\u00ed podob\u011b a&nbsp;povinn\u011b zve\u0159ej\u0148ovan\u00e9 informace naleznete na www str\u00e1nk\u00e1ch jednotliv\u00fdch \u010dlen\u016f FixPro. Smluvn\u00ed dokumentace pro lokality Kabelov\u00e9 televize Kop\u0159ivnice, s.r.o. Cen\u00edk slu\u017eeb Kabelov\u00e9 televize Kop\u0159ivnice, s.r.o. a&nbsp;FixPro,z.s. Smlouva o&nbsp;dod\u00e1vce Slu\u017eeb Specifikace TV slu\u017eby a&nbsp;rozhran\u00ed Obchodn\u011b technick\u00e9 podm\u00ednky pro poskytov\u00e1n\u00ed slu\u017eby FixProTV V\u0161eobecn\u00e9 podm\u00ednky pro poskytov\u00e1n\u00ed slu\u017eeb elektronick\u00fdch &hellip; <a href=\"https:\/\/fixpro.cz\/kontakty\/verejne-dokumenty\/\" class=\"more-link\">Pokra\u010dov\u00e1n\u00ed textu <span class=\"screen-reader-text\">Ve\u0159ejn\u00e9 dokumenty<\/span> <span class=\"meta-nav\">&rarr;<\/span><\/a><\/p>\n","protected":false},"author":2,"featured_media":0,"parent":2,"menu_order":0,"comment_status":"closed","ping_status":"closed","template":"","meta":{"footnotes":""},"class_list":["post-209","page","type-page","status-publish","hentry"],"_links":{"self":[{"href":"https:\/\/fixpro.cz\/rest\/wp\/v2\/pages\/209","targetHints":{"allow":["GET"]}}],"collection":[{"href":"https:\/\/fixpro.cz\/rest\/wp\/v2\/pages"}],"about":[{"href":"https:\/\/fixpro.cz\/rest\/wp\/v2\/types\/page"}],"author":[{"embeddable":true,"href":"https:\/\/fixpro.cz\/rest\/wp\/v2\/users\/2"}],"replies":[{"embeddable":true,"href":"https:\/\/fixpro.cz\/rest\/wp\/v2\/comments?post=209"}],"version-history":[{"count":84,"href":"https:\/\/fixpro.cz\/rest\/wp\/v2\/pages\/209\/revisions"}],"predecessor-version":[{"id":1148,"href":"https:\/\/fixpro.cz\/rest\/wp\/v2\/pages\/209\/revisions\/1148"}],"up":[{"embeddable":true,"href":"https:\/\/fixpro.cz\/rest\/wp\/v2\/pages\/2"}],"wp:attachment":[{"href":"https:\/\/fixpro.cz\/rest\/wp\/v2\/media?parent=209"}],"curies":[{"name":"wp","href":"https:\/\/api.w.org\/{rel}","templated":true}]}}